{"id":28925,"date":"2024-01-31T15:51:11","date_gmt":"2024-01-31T21:51:11","guid":{"rendered":"https:\/\/kmtwaterjet.com\/politica-de-privacidade-de-processamento-de-dados-do-gdpr\/"},"modified":"2025-01-31T16:34:46","modified_gmt":"2025-01-31T22:34:46","slug":"politica-de-privacidade-de-processamento-de-dados-do-gdpr","status":"publish","type":"page","link":"https:\/\/kmtwaterjet.com\/pt-br\/politica-de-privacidade-de-processamento-de-dados-do-gdpr\/","title":{"rendered":"Pol\u00edtica de privacidade de processamento de dados do GDPR"},"content":{"rendered":"\t\t<div data-elementor-type=\"wp-page\" data-elementor-id=\"28925\" class=\"elementor elementor-28925 elementor-4106\" data-elementor-post-type=\"page\">\n\t\t\t\t<div class=\"elementor-element elementor-element-20e8b0c e-flex e-con-boxed e-con e-parent\" data-id=\"20e8b0c\" data-element_type=\"container\" data-e-type=\"container\" data-settings=\"{&quot;background_background&quot;:&quot;classic&quot;,&quot;shape_divider_bottom&quot;:&quot;waves&quot;,&quot;shape_divider_bottom_negative&quot;:&quot;yes&quot;}\">\n\t\t\t\t\t<div class=\"e-con-inner\">\n\t\t\t\t<div class=\"elementor-shape elementor-shape-bottom\" aria-hidden=\"true\" data-negative=\"true\">\n\t\t\t<svg xmlns=\"http:\/\/www.w3.org\/2000\/svg\" viewBox=\"0 0 1000 100\" preserveAspectRatio=\"none\">\n\t<path class=\"elementor-shape-fill\" d=\"M790.5,93.1c-59.3-5.3-116.8-18-192.6-50c-29.6-12.7-76.9-31-100.5-35.9c-23.6-4.9-52.6-7.8-75.5-5.3\n\tc-10.2,1.1-22.6,1.4-50.1,7.4c-27.2,6.3-58.2,16.6-79.4,24.7c-41.3,15.9-94.9,21.9-134,22.6C72,58.2,0,25.8,0,25.8V100h1000V65.3\n\tc0,0-51.5,19.4-106.2,25.7C839.5,97,814.1,95.2,790.5,93.1z\"\/>\n<\/svg>\t\t<\/div>\n\t\t<div class=\"elementor-element elementor-element-3db032c e-con-full e-flex e-con e-child\" data-id=\"3db032c\" data-element_type=\"container\" data-e-type=\"container\">\n\t\t\t\t<div class=\"elementor-element elementor-element-d577189 elementor-widget__width-initial elementor-widget elementor-widget-heading\" data-id=\"d577189\" data-element_type=\"widget\" data-e-type=\"widget\" data-widget_type=\"heading.default\">\n\t\t\t\t<div class=\"elementor-widget-container\">\n\t\t\t\t\t<h1 class=\"elementor-heading-title elementor-size-default\">INFORMA\u00c7\u00d5ES SOBRE PROTE\u00c7\u00c3O DE DADOS RELATIVAS AO NOSSO PROCESSAMENTO de acordo com os artigos 13, 14 e 21 do Regulamento Geral de Prote\u00e7\u00e3o de Dados (GDPR)<\/h1>\t\t\t\t<\/div>\n\t\t\t\t<\/div>\n\t\t\t\t<div class=\"elementor-element elementor-element-8ac114c elementor-widget-divider--view-line elementor-widget elementor-widget-divider\" data-id=\"8ac114c\" data-element_type=\"widget\" data-e-type=\"widget\" data-widget_type=\"divider.default\">\n\t\t\t\t<div class=\"elementor-widget-container\">\n\t\t\t\t\t\t\t<div class=\"elementor-divider\">\n\t\t\t<span class=\"elementor-divider-separator\">\n\t\t\t\t\t\t<\/span>\n\t\t<\/div>\n\t\t\t\t\t\t<\/div>\n\t\t\t\t<\/div>\n\t\t<div class=\"elementor-element elementor-element-cf345b2 e-flex e-con-boxed e-con e-child\" data-id=\"cf345b2\" data-element_type=\"container\" data-e-type=\"container\">\n\t\t\t\t\t<div class=\"e-con-inner\">\n\t\t\t\t<div class=\"elementor-element elementor-element-7503a8e elementor-widget__width-initial elementor-widget elementor-widget-text-editor\" data-id=\"7503a8e\" data-element_type=\"widget\" data-e-type=\"widget\" data-widget_type=\"text-editor.default\">\n\t\t\t\t<div class=\"elementor-widget-container\">\n\t\t\t\t\t\t\t\t\t<p>Levamos a prote\u00e7\u00e3o de dados muito a s\u00e9rio e informamos aqui como processamos seus dados e a quais reivindica\u00e7\u00f5es e direitos voc\u00ea tem direito de acordo com os regulamentos de prote\u00e7\u00e3o de dados aplic\u00e1veis a partir de 25 de maio de 2018.<\/p>\n<h4><strong>1. Escrit\u00f3rio respons\u00e1vel pelo processamento de dados e dados de contato<\/strong><\/h4>\n<p>a) escrit\u00f3rio respons\u00e1vel no sentido da lei de prote\u00e7\u00e3o de dados:<br \/>KMT GmbH<br \/>Diretor de Administra\u00e7\u00e3o<br \/>Hohe Stra\u00dfe 4-6<br \/>61231 Bad Nauheim<br \/>Tel: 06032 997-130<br \/>Fax: 06032 997-270<br \/>KMT-DataPrivacy@kmtwaterjet.com<br \/>b) dados de contato do nosso respons\u00e1vel pela prote\u00e7\u00e3o de dados::<br \/>HEC Harald Eul Consulting GmbH<br \/>Respons\u00e1vel pela prote\u00e7\u00e3o de dados KMT GmbH<br \/>Auf der Hoehe 34<br \/>D-50321 Bruehl<br \/>KMT-DataPrivacy@kmtwaterjet.com<\/p>\n<h4><strong>2. Objetivos e bases legais sobre os quais processamos seus dados<\/strong><\/h4>\n<p>Processamos dados pessoais de acordo com as estipula\u00e7\u00f5es do Regulamento Geral de Prote\u00e7\u00e3o de Dados (GDPR) e outras disposi\u00e7\u00f5es aplic\u00e1veis de prote\u00e7\u00e3o de dados, como a Lei Federal Alem\u00e3 de Prote\u00e7\u00e3o de Dados (Bundesdatenschutzgesetz &#8211; BDSG) (os detalhes s\u00e3o fornecidos a seguir).<br \/>\nOs detalhes de quais dados s\u00e3o processados e como os dados s\u00e3o usados dependem em grande parte dos servi\u00e7os solicitados ou acordados em cada caso.<br \/>\nMais detalhes ou adi\u00e7\u00f5es para fins de processamento de dados podem ser encontrados nos respectivos documentos contratuais, formul\u00e1rios, declara\u00e7\u00e3o de consentimento e\/ou outras informa\u00e7\u00f5es fornecidas a voc\u00ea (por exemplo, no contexto do uso de nosso site ou de nossos termos e condi\u00e7\u00f5es).<br \/>\nAl\u00e9m disso, essas informa\u00e7\u00f5es sobre prote\u00e7\u00e3o de dados podem ser atualizadas periodicamente, como voc\u00ea pode descobrir em nosso site.   <\/p>\n<p>2.1 Finalidades de acordo com o cumprimento de um contrato ou medidas pr\u00e9-contratuais (Art. 6, se\u00e7\u00e3o 1 b do GDPR)<br \/>O processamento de dados pessoais \u00e9 realizado para cumprir nossos contratos e a execu\u00e7\u00e3o de pedidos, bem como para realizar medidas e atividades dentro da estrutura de rela\u00e7\u00f5es pr\u00e9-contratuais, por exemplo<br \/>\ng.<br \/>\ncom as partes interessadas.<br \/>\nEm particular, o processamento serve para fornecer bens e servi\u00e7os de acordo com pedidos e solicita\u00e7\u00f5es e incluir os servi\u00e7os, medidas e atividades necess\u00e1rios.<br \/>\nIsso inclui, essencialmente, a comunica\u00e7\u00e3o relacionada a contratos, a verificabilidade de transa\u00e7\u00f5es, pedidos e outros acordos, bem como o controle de qualidade por meio de documenta\u00e7\u00e3o apropriada, procedimentos de boa vontade, medidas para controlar e otimizar processos comerciais, bem como o cumprimento de deveres gerais de cuidado, controle e supervis\u00e3o por empresas afiliadas (por exemplo, a matriz); avalia\u00e7\u00f5es estat\u00edsticas para a empresa afiliada (por exemplo, a empresa controladora); e avalia\u00e7\u00f5es estat\u00edsticas para a empresa afiliada (por exemplo, a empresa controladora). Controladora); avalia\u00e7\u00f5es estat\u00edsticas para gerenciamento corporativo, registro e controle de custos, relat\u00f3rios, comunica\u00e7\u00e3o interna e externa, gerenciamento de emerg\u00eancias, avalia\u00e7\u00e3o cont\u00e1bil e fiscal de servi\u00e7os operacionais, gerenciamento de riscos, afirma\u00e7\u00e3o de reivindica\u00e7\u00f5es legais e defesa em caso de disputas legais; garantia de seguran\u00e7a de TI (entre outros, testes de sistema e plausibilidade) e seguran\u00e7a geral, incluindo seguran\u00e7a de pr\u00e9dios e instala\u00e7\u00f5es, garantia e exerc\u00edcio de autoridade dom\u00e9stica (por exemplo, por meio de controles de acesso); garantia de integridade, autenticidade e disponibilidade de dados, preven\u00e7\u00e3o e investiga\u00e7\u00e3o de infra\u00e7\u00f5es criminais; controle por \u00f3rg\u00e3os de supervis\u00e3o ou autoridades de supervis\u00e3o (por exemplo, auditoria).    <\/p>\n<p>2.2 Finalidades dentro da estrutura de um interesse leg\u00edtimo de nossa parte ou de terceiros (Art. 6, se\u00e7\u00e3o 1 f do GDPR)<br \/>Al\u00e9m do cumprimento efetivo do (pr\u00e9) contrato, processamos dados pessoais sempre que necess\u00e1rio para proteger interesses leg\u00edtimos pr\u00f3prios ou de terceiros, especialmente para as seguintes finalidades:<br \/>&#8211; publicidade ou pesquisa de mercado e opini\u00e3o, desde que voc\u00ea n\u00e3o tenha se oposto ao uso de seus dados;<br \/>&#8211; obter informa\u00e7\u00f5es e trocar dados com ag\u00eancias de cr\u00e9dito quando isso for al\u00e9m do nosso risco econ\u00f4mico;<br \/>&#8211; o exame e a otimiza\u00e7\u00e3o de processos para an\u00e1lise de necessidades;<br \/>&#8211; o desenvolvimento adicional de servi\u00e7os e produtos, bem como de sistemas e processos existentes;<br \/>&#8211; a divulga\u00e7\u00e3o de dados pessoais dentro da estrutura da devida dilig\u00eancia no curso das negocia\u00e7\u00f5es de venda da empresa;<br \/>&#8211; para compara\u00e7\u00e3o com listas antiterroristas europeias e internacionais, na medida em que isso v\u00e1 al\u00e9m das obriga\u00e7\u00f5es legais;<br \/>&#8211; o enriquecimento de nossos dados, por exemplo, para a an\u00e1lise de dados pessoais.<br \/>\ng.<br \/>\nusando ou pesquisando dados publicamente acess\u00edveis;  <br \/>&#8211; avalia\u00e7\u00f5es estat\u00edsticas ou an\u00e1lises de mercado;<br \/>&#8211; benchmarking;<br \/>&#8211; a afirma\u00e7\u00e3o de reivindica\u00e7\u00f5es legais e a defesa em disputas legais que n\u00e3o sejam diretamente atribu\u00edveis ao relacionamento contratual;<br \/>&#8211; o processamento restrito de dados, se a exclus\u00e3o n\u00e3o for poss\u00edvel ou s\u00f3 for poss\u00edvel com um esfor\u00e7o desproporcionalmente alto devido ao tipo especial de armazenamento;<br \/>&#8211; o desenvolvimento de sistemas de pontua\u00e7\u00e3o ou processos automatizados de tomada de decis\u00e3o;<br \/>&#8211; a preven\u00e7\u00e3o e a investiga\u00e7\u00e3o de infra\u00e7\u00f5es penais, se n\u00e3o exclusivamente para o cumprimento de requisitos legais;<br \/>&#8211; seguran\u00e7a de edif\u00edcios e instala\u00e7\u00f5es (por exemplo, por meio de controle de acesso e vigil\u00e2ncia por v\u00eddeo), na medida em que isso v\u00e1 al\u00e9m dos deveres gerais de cuidado por meio de controle de acesso e vigil\u00e2ncia por v\u00eddeo), na medida em que isso v\u00e1 al\u00e9m dos deveres gerais de cuidado;<br \/>&#8211; investiga\u00e7\u00f5es internas e externas, revis\u00f5es de seguran\u00e7a;<br \/>&#8211; qualquer monitoramento ou grava\u00e7\u00e3o de conversas telef\u00f4nicas para fins de controle de qualidade e treinamento;<br \/>&#8211; preserva\u00e7\u00e3o e manuten\u00e7\u00e3o de certifica\u00e7\u00f5es de direito privado ou de natureza oficial do governo;<br \/>&#8211; a apreens\u00e3o e o exerc\u00edcio da autoridade dom\u00e9stica por meio de medidas apropriadas, bem como vigil\u00e2ncia por v\u00eddeo para a prote\u00e7\u00e3o de nossos clientes e funcion\u00e1rios, bem como para a obten\u00e7\u00e3o de provas em caso de infra\u00e7\u00f5es criminais e sua preven\u00e7\u00e3o.<\/p>\n<p>2.3 Finalidades no \u00e2mbito do seu consentimento (Art. 6, se\u00e7\u00e3o 1 a do GDPR)<br \/>Seus dados pessoais tamb\u00e9m podem ser processados para determinadas finalidades (por exemplo, uso dos sistemas de comunica\u00e7\u00e3o da empresa para fins particulares; fotografias\/v\u00eddeos para publica\u00e7\u00e3o na Intranet\/Internet), inclusive como resultado do seu consentimento.<br \/>\nComo regra, voc\u00ea pode revogar esse consentimento a qualquer momento.<br \/>\nIsso tamb\u00e9m se aplica \u00e0 revoga\u00e7\u00e3o de declara\u00e7\u00f5es de consentimento que foram emitidas para n\u00f3s antes da entrada em vigor do GDPR, ou seja, antes de 25 de maio de 2018.<br \/>\nVoc\u00ea ser\u00e1 informado separadamente sobre as consequ\u00eancias da revoga\u00e7\u00e3o ou recusa em fornecer consentimento no respectivo texto do consentimento.<br \/>\nDe modo geral, a revoga\u00e7\u00e3o do consentimento s\u00f3 se aplica ao futuro.<br \/>\nO processamento que ocorre antes da emiss\u00e3o do consentimento n\u00e3o \u00e9 afetado por isso e permanece legal<\/p>\n<p> 2.4 Finalidades relacionadas \u00e0 ades\u00e3o a requisitos legais (Art. 6, se\u00e7\u00e3o 1 c do GDPR) ou de interesse p\u00fablico (Art. 6, se\u00e7\u00e3o 1 e do GDPR)<br \/>Tamb\u00e9m estamos sujeitos a um grande n\u00famero de obriga\u00e7\u00f5es legais.<br \/>\nEssas s\u00e3o principalmente exig\u00eancias estatut\u00e1rias (por exemplo, leis comerciais e tribut\u00e1rias), mas tamb\u00e9m, se aplic\u00e1vel, leis de supervis\u00e3o ou outras exig\u00eancias estabelecidas por autoridades governamentais.<br \/>\nAs finalidades do processamento tamb\u00e9m podem incluir verifica\u00e7\u00f5es de identidade e idade, preven\u00e7\u00e3o de fraudes e lavagem de dinheiro (por exemplo, compara\u00e7\u00f5es com listas antiterrorismo europeias e internacionais), conformidade com as obriga\u00e7\u00f5es de controle e notifica\u00e7\u00e3o de acordo com a legisla\u00e7\u00e3o fiscal, bem como o arquivamento de dados para fins de prote\u00e7\u00e3o e seguran\u00e7a de dados, bem como para fins de auditoria por consultores\/auditores fiscais e outras autoridades governamentais.<br \/>\nAl\u00e9m disso, pode ser necess\u00e1rio divulgar dados pessoais no \u00e2mbito de medidas oficiais do governo\/tribunal para fins de coleta de provas, aplica\u00e7\u00e3o da lei e processo criminal ou satisfa\u00e7\u00e3o de reivindica\u00e7\u00f5es de direito civil.        <\/p>\n<h4><strong>3. As categorias de dados que processamos, desde que n\u00e3o recebamos dados diretamente de voc\u00ea, e sua origem<\/strong><\/h4>\n<p>Se necess\u00e1rio para o relacionamento contratual com voc\u00ea e para as atividades realizadas por voc\u00ea, podemos processar dados que recebemos legalmente de outros escrit\u00f3rios ou de terceiros (por exemplo, avalia\u00e7\u00e3o de qualidade ou reclama\u00e7\u00f5es de clientes\/fornecedores).<br \/>\nAl\u00e9m disso, processamos dados pessoais que coletamos, recebemos ou adquirimos legalmente de fontes acess\u00edveis ao p\u00fablico (como, por exemplo, registros comerciais e registros de associa\u00e7\u00f5es, registros civis, imprensa, Internet e outras m\u00eddias) se isso for necess\u00e1rio e se tivermos permiss\u00e3o para processar esses dados de acordo com as disposi\u00e7\u00f5es estatut\u00e1rias. <\/p>\n<p>As categorias de dados pessoais relevantes podem ser, em particular, as seguintes:<br \/>&#8211; dados pessoais (nome, data de nascimento, local de nascimento, nacionalidade, estado civil, ocupa\u00e7\u00e3o\/com\u00e9rcio e dados compar\u00e1veis);<br \/>&#8211; dados de contato (endere\u00e7o, endere\u00e7o de e-mail, n\u00famero de telefone e dados semelhantes);<br \/>&#8211; dados de endere\u00e7o (dados de registro da popula\u00e7\u00e3o e dados compar\u00e1veis);<br \/>&#8211; confirma\u00e7\u00e3o de pagamento\/confirma\u00e7\u00e3o de cobertura para cart\u00f5es banc\u00e1rios e de cr\u00e9dito;<br \/>&#8211; informa\u00e7\u00f5es sobre a sua situa\u00e7\u00e3o financeira (dados de capacidade de cr\u00e9dito, incluindo pontua\u00e7\u00e3o, ou seja, dados para avaliar o risco econ\u00f4mico);<br \/>&#8211; hist\u00f3rico do cliente;<br \/>&#8211; dados sobre o uso que voc\u00ea faz da telemedia oferecida por n\u00f3s (por exemplo, tempo de acesso aos nossos sites, aplicativos ou boletim informativo, p\u00e1ginas\/links clicados por n\u00f3s ou entradas e dados compar\u00e1veis);<br \/>&#8211; dados de v\u00eddeo.<\/p>\n<h4><strong>4. Destinat\u00e1rios ou categorias de destinat\u00e1rios de seus dados<\/strong><\/h4>\n<p>Em nossa empresa, os dados pessoais s\u00e3o recebidos pelos escrit\u00f3rios internos ou unidades organizacionais que precisam deles para cumprir nossas obriga\u00e7\u00f5es contratuais e estatut\u00e1rias ou que exigem esses dados dentro da estrutura de processamento e implementa\u00e7\u00e3o de nossos interesses leg\u00edtimos.<br \/>\nOs dados pessoais s\u00e3o divulgados\/transmitidos a escrit\u00f3rios e pessoas externas exclusivamente <br \/>&#8211; em rela\u00e7\u00e3o \u00e0 execu\u00e7\u00e3o do contrato;<br \/>&#8211; para fins em que somos obrigados ou temos o direito de fornecer informa\u00e7\u00f5es, notifica\u00e7\u00f5es ou encaminhar dados (por exemplo, associa\u00e7\u00e3o de seguro de responsabilidade do empregador, esquemas de seguro de sa\u00fade, autoridades fiscais) para atender a requisitos legais ou quando o encaminhamento de dados for de interesse p\u00fablico (consulte o n\u00famero 2.4);<br \/>&#8211; na medida em que empresas prestadoras de servi\u00e7os externas contratadas por n\u00f3s processem dados como processadores de contrato ou partes que assumam determinadas fun\u00e7\u00f5es (por exemplo centros de dados externos, suporte e manuten\u00e7\u00e3o de aplicativos de TI, arquivamento, processamento de documentos, call center e servi\u00e7os de atendimento ao cliente, servi\u00e7os de conformidade, controle, triagem de dados para fins de combate \u00e0 lavagem de dinheiro, valida\u00e7\u00e3o e prote\u00e7\u00e3o de dados, destrui\u00e7\u00e3o de dados, compras\/compras, administra\u00e7\u00e3o de clientes, lojas de correspond\u00eancia, marketing, tecnologia de m\u00eddia, pesquisa, controle de riscos, faturamento, telefonia, gerenciamento de sites, servi\u00e7os de auditoria, institui\u00e7\u00f5es de cr\u00e9dito, f\u00e1bricas de impress\u00e3o ou empresas para descarte de dados, servi\u00e7os de correio, log\u00edstica);<br \/>&#8211; como resultado de nosso interesse leg\u00edtimo ou do interesse leg\u00edtimo do terceiro no \u00e2mbito das finalidades citadas no n\u00famero 2.2 (por exemplo, para autoridades governamentais, ag\u00eancias de cr\u00e9dito, ag\u00eancias de cobran\u00e7a, advogados, tribunais de justi\u00e7a, avaliadores, empresas pertencentes a grupos e \u00f3rg\u00e3os da empresa e inst\u00e2ncias de controle);<br \/>&#8211; se voc\u00ea tiver nos dado consentimento para transmitir dados a terceiros.<\/p>\n<p>Al\u00e9m disso, nos absteremos de transmitir seus dados a terceiros se n\u00e3o tivermos informado voc\u00ea sobre isso separadamente.<br \/>\nSe contratarmos prestadores de servi\u00e7os no \u00e2mbito do processamento de um pedido, os dados estar\u00e3o sujeitos aos padr\u00f5es de seguran\u00e7a estipulados por n\u00f3s para proteger adequadamente os dados.<br \/>\nEm todos os outros casos, os destinat\u00e1rios somente poder\u00e3o usar os dados para os fins para os quais os dados foram enviados a eles.  <\/p>\n<h4><strong>5. Per\u00edodo de tempo em que seus dados s\u00e3o armazenados<\/strong><\/h4>\n<p>Processamos e armazenamos seus dados durante o per\u00edodo de nosso relacionamento comercial.<br \/>\nIsso tamb\u00e9m inclui o in\u00edcio de um contrato (relacionamento jur\u00eddico pr\u00e9-contratual) e a execu\u00e7\u00e3o de um contrato. <\/p>\n<p>Al\u00e9m disso, estamos sujeitos a v\u00e1rias obriga\u00e7\u00f5es de reten\u00e7\u00e3o e documenta\u00e7\u00e3o que emanam, entre outras, do C\u00f3digo Comercial Alem\u00e3o (HGB) e do C\u00f3digo Tribut\u00e1rio Alem\u00e3o (AO), ou de outras leis aplic\u00e1veis.<br \/>\nOs per\u00edodos e prazos de reten\u00e7\u00e3o e\/ou documenta\u00e7\u00e3o estipulados nesses documentos s\u00e3o de at\u00e9 dez anos ap\u00f3s o t\u00e9rmino do relacionamento contratual ou do relacionamento legal pr\u00e9-contratual. <\/p>\n<p>Al\u00e9m disso, disposi\u00e7\u00f5es legais especiais podem exigir uma reten\u00e7\u00e3o mais longa, como, por exemplo, a preserva\u00e7\u00e3o de evid\u00eancias em conex\u00e3o com disposi\u00e7\u00f5es legais de prescri\u00e7\u00e3o (estatuto de limita\u00e7\u00f5es).<br \/>\nDe acordo com os \u00a7\u00a7 195 e seguintes.<br \/>\ndo C\u00f3digo Civil Alem\u00e3o (BGB), o per\u00edodo regular de prescri\u00e7\u00e3o \u00e9 de tr\u00eas anos, mas per\u00edodos de prescri\u00e7\u00e3o de at\u00e9 30 anos tamb\u00e9m podem ser aplic\u00e1veis.  <\/p>\n<p>Se os dados n\u00e3o forem mais necess\u00e1rios para o cumprimento de obriga\u00e7\u00f5es e direitos contratuais ou legais, eles ser\u00e3o exclu\u00eddos regularmente, a menos que seu processamento posterior &#8211; por um per\u00edodo limitado &#8211; seja necess\u00e1rio para cumprir as finalidades listadas no item 2.2 devido a um interesse leg\u00edtimo superior.<br \/>\nEsse interesse leg\u00edtimo superior \u00e9 considerado como sendo o caso, por exemplo, se n\u00e3o for poss\u00edvel excluir os dados como resultado do tipo especial de armazenamento ou se isso s\u00f3 for poss\u00edvel a um custo excessivamente alto e o processamento para outros fins for exclu\u00eddo por medidas t\u00e9cnicas e organizacionais apropriadas. <\/p>\n<h4><strong>6. Processamento de seus dados em um terceiro pa\u00eds ou por uma organiza\u00e7\u00e3o internacional<\/strong><\/h4>\n<p>Os dados podem ser transmitidos para escrit\u00f3rios em pa\u00edses fora do Espa\u00e7o Econ\u00f4mico Europeu UE\/EEE (os chamados estados terceiros) sempre que isso for necess\u00e1rio para cumprir uma obriga\u00e7\u00e3o contratual com voc\u00ea (por exemplo, se voc\u00ea for despachado para outro pa\u00eds) ou com nossos clientes, se isso for exigido por lei (por exemplo, obriga\u00e7\u00f5es de notifica\u00e7\u00e3o de acordo com a legisla\u00e7\u00e3o fiscal), se isso for do interesse leg\u00edtimo nosso ou de um terceiro ou se voc\u00ea tiver dado seu consentimento para isso.<br \/>Ao mesmo tempo, seus dados podem ser processados em um terceiro pa\u00eds, inclusive em conex\u00e3o com o envolvimento de prestadores de servi\u00e7os no \u00e2mbito do processamento do pedido.<br \/>\nSe nenhuma decis\u00e3o tiver sido emitida pela Comiss\u00e3o da UE com rela\u00e7\u00e3o \u00e0 presen\u00e7a de um n\u00edvel razo\u00e1vel de prote\u00e7\u00e3o de dados para o respectivo pa\u00eds, garantimos que seus direitos e liberdades ser\u00e3o razoavelmente protegidos e garantidos de acordo com os requisitos de prote\u00e7\u00e3o de dados da UE por meio de acordos contratuais para esse fim.<br \/>\nForneceremos a voc\u00ea informa\u00e7\u00f5es detalhadas mediante solicita\u00e7\u00e3o.<br \/>Voc\u00ea pode solicitar informa\u00e7\u00f5es sobre as garantias adequadas ou razo\u00e1veis e a possibilidade, como e onde receber uma c\u00f3pia delas do respons\u00e1vel pela prote\u00e7\u00e3o de dados da empresa ou entrando em contato conosco pelo e-mail KMT-DataPrivacy@kmtwaterjet.com.  <\/p>\n<h4><strong>7. Seus direitos de prote\u00e7\u00e3o de dados<\/strong><\/h4>\n<p>Se determinadas condi\u00e7\u00f5es forem atendidas, voc\u00ea poder\u00e1 fazer valer seus direitos de prote\u00e7\u00e3o de dados contra n\u00f3s<br \/>&#8211; Assim, voc\u00ea tem o direito de receber informa\u00e7\u00f5es nossas sobre os dados armazenados sobre voc\u00ea de acordo com as regras do Art. 15 do GDPR (se aplic\u00e1vel, com restri\u00e7\u00f5es de acordo com o \u00a7 34 da Lei Federal Alem\u00e3 de Prote\u00e7\u00e3o de Dados (BDSG)).<br \/>&#8211; Se voc\u00ea solicitar, corrigiremos os dados armazenados sobre voc\u00ea de acordo com o Art. 16 do GDPR, se esses dados estiverem incorretos ou com falhas.<br \/>&#8211; Se voc\u00ea assim desejar, excluiremos seus dados de acordo com os princ\u00edpios do Art. 17 do GDPR, se isso n\u00e3o for impedido por outras disposi\u00e7\u00f5es legais (por exemplo, obriga\u00e7\u00f5es legais de reten\u00e7\u00e3o ou as restri\u00e7\u00f5es estabelecidas no \u00a7 35 da Lei Federal Alem\u00e3 de Prote\u00e7\u00e3o de Dados (BDSG)) ou por um interesse superior de nossa parte (por exemplo, para defender nossos direitos e reivindica\u00e7\u00f5es).<br \/>&#8211; Levando em considera\u00e7\u00e3o as condi\u00e7\u00f5es pr\u00e9vias estabelecidas no Art. 18 do GDPR, voc\u00ea pode exigir que restrinjamos o processamento de seus dados<br \/>&#8211; Al\u00e9m disso, voc\u00ea pode apresentar uma obje\u00e7\u00e3o ao processamento de seus dados de acordo com o Art. 21 do GDPR, o que nos obriga a interromper o processamento de seus dados.<br \/>\nEsse direito de obje\u00e7\u00e3o s\u00f3 se aplica, no entanto, se circunst\u00e2ncias muito especiais caracterizarem sua situa\u00e7\u00e3o pessoal, em que os direitos de nossa empresa podem ser contr\u00e1rios ao seu direito de obje\u00e7\u00e3o. <br \/>&#8211; Voc\u00ea tamb\u00e9m tem o direito de receber seus dados de acordo com as disposi\u00e7\u00f5es estabelecidas no Art. 20 do GDPR em um formato estruturado, comum e leg\u00edvel por m\u00e1quina ou transmitir esses dados a terceiros.<br \/>&#8211; Al\u00e9m disso, voc\u00ea tem o direito de revogar o consentimento que nos foi dado para o processamento de dados pessoais a qualquer momento e com efeito no futuro (consulte o n\u00famero 2.3).<br \/>&#8211; Al\u00e9m disso, voc\u00ea tem o direito de registrar uma reclama\u00e7\u00e3o junto a uma autoridade supervisora de prote\u00e7\u00e3o de dados (Art. 77 do GDPR).<br \/>\nRecomendamos, no entanto, que voc\u00ea sempre envie primeiro uma reclama\u00e7\u00e3o para n\u00f3s e para nosso respons\u00e1vel pela prote\u00e7\u00e3o de dados. <\/p>\n<p>Sempre que poss\u00edvel, suas solicita\u00e7\u00f5es para o exerc\u00edcio dos seus direitos devem ser enviadas por escrito para o endere\u00e7o indicado acima ou endere\u00e7adas diretamente ao nosso respons\u00e1vel pela prote\u00e7\u00e3o de dados.<\/p>\n<h4><strong>8. Escopo das obriga\u00e7\u00f5es que voc\u00ea tem de nos fornecer seus dados<\/strong><\/h4>\n<p>Voc\u00ea s\u00f3 precisa fornecer dados que sejam necess\u00e1rios para o in\u00edcio e o desempenho do relacionamento comercial ou para um relacionamento pr\u00e9-contratual conosco ou cuja coleta seja exigida por lei.<br \/>\nSem esses dados, geralmente n\u00e3o podemos concluir o contrato ou continuar a execut\u00e1-lo. Voc\u00ea pode tamb\u00e9m fornecer dados que sejam necess\u00e1rios para o in\u00edcio e a execu\u00e7\u00e3o do relacionamento comercial ou para um relacionamento pr\u00e9-contratual conosco.<br \/>\nIsso tamb\u00e9m pode estar relacionado a dados que s\u00e3o exigidos posteriormente dentro da estrutura do relacionamento contratual.<br \/>\nSe solicitarmos dados de voc\u00ea acima e al\u00e9m disso, voc\u00ea ser\u00e1 informado sobre a natureza volunt\u00e1ria das informa\u00e7\u00f5es separadamente.<br \/>9. Presen\u00e7a de uma decis\u00e3o automatizada tomada em casos individuais (incluindo cria\u00e7\u00e3o de perfil)<br \/>N\u00e3o usamos nenhum procedimento de tomada de decis\u00e3o puramente automatizado, conforme estabelecido no Artigo 22 do GDPR.<br \/>\nSe instituirmos tal procedimento em casos individuais no futuro, informaremos voc\u00ea de acordo com este documento separadamente, se isso for exigido por lei.    <\/p>\n<p>Em determinadas circunst\u00e2ncias, podemos processar seus dados em parte com o objetivo de avaliar determinados aspectos pessoais (cria\u00e7\u00e3o de perfil).<br \/>Para fornecer a voc\u00ea informa\u00e7\u00f5es e orienta\u00e7\u00f5es direcionadas sobre produtos, podemos usar ferramentas de avalia\u00e7\u00e3o.<br \/>\nEssas ferramentas possibilitam o design, a comunica\u00e7\u00e3o e a publicidade de produtos orientados para as necessidades, incluindo pesquisas de mercado e de opini\u00e3o. <\/p>\n<p>Esses procedimentos tamb\u00e9m podem ser usados para avaliar sua solv\u00eancia e capacidade de cr\u00e9dito, bem como para combater a lavagem de dinheiro e a fraude.<br \/>\nOs &#8220;valores de pontua\u00e7\u00e3o&#8221; podem ser usados para avaliar sua solv\u00eancia e sua capacidade de cr\u00e9dito.<br \/>\nNo caso da pontua\u00e7\u00e3o, a probabilidade \u00e9 calculada usando m\u00e9todos matem\u00e1ticos com os quais um cliente cumprir\u00e1 suas obriga\u00e7\u00f5es de pagamento de acordo com o contrato.<br \/>\nAssim, esses valores de pontua\u00e7\u00e3o nos auxiliam, por exemplo, na avalia\u00e7\u00e3o da capacidade de cr\u00e9dito, na tomada de decis\u00f5es no contexto de neg\u00f3cios de produtos e s\u00e3o incorporados ao nosso gerenciamento de riscos.   <\/p>\n<p>Informa\u00e7\u00f5es sobre nacionalidade e categorias especiais de dados pessoais, de acordo com o Art. 9 do GDPR n\u00e3o s\u00e3o processadas.<\/p>\n<h4><strong>Informa\u00e7\u00f5es sobre seu direito de obje\u00e7\u00e3o de acordo com o Art. 21 do GDPR. 21 do GDPR<\/strong><\/h4>\n<p>1. Voc\u00ea tem o direito de apresentar uma obje\u00e7\u00e3o a qualquer momento contra o processamento de seus dados que seja realizado com base no Art. 6, se\u00e7\u00e3o 1 f do GDPR (processamento de dados com base em uma pondera\u00e7\u00e3o de interesses) ou Art. 6, se\u00e7\u00e3o 1 e do GDPR (processamento de dados no interesse p\u00fablico).<br \/>\nA pr\u00e9-condi\u00e7\u00e3o para isso, no entanto, \u00e9 que haja motivos para a sua obje\u00e7\u00e3o que emanem da sua situa\u00e7\u00e3o pessoal especial.<br \/>\nIsso tamb\u00e9m se aplica \u00e0 cria\u00e7\u00e3o de perfis com base nessa finalidade, de acordo com o Art. 4, no. 4 do GDPR.<br \/>\nSe voc\u00ea apresentar uma obje\u00e7\u00e3o, n\u00e3o processaremos mais seus dados pessoais, a menos que possamos demonstrar motivos convincentes que justifiquem a prote\u00e7\u00e3o para o processamento que supere seus interesses, direitos e liberdades, ou que o processamento sirva para afirmar, exercer ou defender reivindica\u00e7\u00f5es legais.   <\/p>\n<p>2. Tamb\u00e9m usaremos seus dados pessoais para fazer publicidade direta.<br \/>\nSe voc\u00ea n\u00e3o quiser receber nenhuma publicidade, tem o direito de apresentar uma obje\u00e7\u00e3o a ela a qualquer momento.<br \/>\nIsso tamb\u00e9m se aplica \u00e0 cria\u00e7\u00e3o de perfis, na medida em que ela esteja relacionada a essa publicidade direta.<br \/>\nRespeitaremos essa obje\u00e7\u00e3o com efeito no futuro.<br \/>\nN\u00e3o processaremos mais seus dados para fins de publicidade direta se voc\u00ea se opuser ao processamento para esse fim.    <\/p>\n<h4><strong>A obje\u00e7\u00e3o pode ser apresentada sem aderir a nenhum requisito de formul\u00e1rio e deve ser enviada para<\/strong><\/h4>\n<p>KMT GmbH<br \/>Hohe Stra\u00dfe 4-6<br \/>61231 Bad Nauheim<br \/>C\u00f3pia enviada para: KMT-DataPrivacy@kmtwaterjet.com<br \/>Nossa pol\u00edtica de privacidade e as informa\u00e7\u00f5es sobre prote\u00e7\u00e3o de dados sobre nosso processamento de dados de acordo com os artigos 13, 14 e 21 do GDPR podem mudar de tempos em tempos. Todas as altera\u00e7\u00f5es ser\u00e3o publicadas nesta p\u00e1gina. <\/p>\n<p>Status Informa\u00e7\u00f5es sobre prote\u00e7\u00e3o de dados de 21.05.2018, No. 01<\/p>\n\t\t\t\t\t\t\t\t<\/div>\n\t\t\t\t<\/div>\n\t\t\t\t\t<\/div>\n\t\t\t\t<\/div>\n\t\t\t\t<\/div>\n\t\t\t\t\t<\/div>\n\t\t\t\t<\/div>\n\t\t\t\t<\/div>\n\t\t","protected":false},"excerpt":{"rendered":"<p>INFORMA\u00c7\u00d5ES SOBRE PROTE\u00c7\u00c3O DE DADOS RELATIVAS AO NOSSO PROCESSAMENTO de acordo com os artigos 13, 14 e 21 do Regulamento Geral de Prote\u00e7\u00e3o de Dados (GDPR) Levamos a prote\u00e7\u00e3o de dados muito a s\u00e9rio e informamos aqui como processamos seus dados e a quais reivindica\u00e7\u00f5es e direitos voc\u00ea tem direito de acordo com os regulamentos [&hellip;]<\/p>\n","protected":false},"author":17,"featured_media":0,"parent":0,"menu_order":0,"comment_status":"closed","ping_status":"closed","template":"elementor_header_footer","meta":{"_acf_changed":false,"footnotes":""},"page-type":[],"class_list":["post-28925","page","type-page","status-publish","hentry"],"acf":[],"yoast_head":"<!-- This site is optimized with the Yoast SEO plugin v27.3 - https:\/\/yoast.com\/product\/yoast-seo-wordpress\/ -->\n<title>Pol\u00edtica de privacidade de processamento de dados do GDPR | KMT Waterjet<\/title>\n<meta name=\"description\" content=\"Saiba mais sobre a prote\u00e7\u00e3o de dados de acordo com o GDPR. Processamos seus dados com responsabilidade. Entre em contato conosco para consultas sobre privacidade. Mantenha-se informado sobre seus direitos.\" \/>\n<meta name=\"robots\" content=\"index, follow, max-snippet:-1, max-image-preview:large, max-video-preview:-1\" \/>\n<link rel=\"canonical\" href=\"https:\/\/kmtwaterjet.com\/pt-br\/politica-de-privacidade-de-processamento-de-dados-do-gdpr\/\" \/>\n<meta property=\"og:locale\" content=\"pt_BR\" \/>\n<meta property=\"og:type\" content=\"article\" \/>\n<meta property=\"og:title\" content=\"Pol\u00edtica de privacidade de processamento de dados do GDPR | KMT Waterjet\" \/>\n<meta property=\"og:description\" content=\"Saiba mais sobre a prote\u00e7\u00e3o de dados de acordo com o GDPR. Processamos seus dados com responsabilidade. Entre em contato conosco para consultas sobre privacidade. Mantenha-se informado sobre seus direitos.\" \/>\n<meta property=\"og:url\" content=\"https:\/\/kmtwaterjet.com\/pt-br\/politica-de-privacidade-de-processamento-de-dados-do-gdpr\/\" \/>\n<meta property=\"og:site_name\" content=\"KMT Waterjet\" \/>\n<meta property=\"article:modified_time\" content=\"2025-01-31T22:34:46+00:00\" \/>\n<meta property=\"og:image\" content=\"https:\/\/kmtwaterjet.com\/wp-content\/uploads\/KMT-Social-Sharing.jpg\" \/>\n\t<meta property=\"og:image:width\" content=\"1200\" \/>\n\t<meta property=\"og:image:height\" content=\"675\" \/>\n\t<meta property=\"og:image:type\" content=\"image\/jpeg\" \/>\n<meta name=\"twitter:card\" content=\"summary_large_image\" \/>\n<meta name=\"twitter:label1\" content=\"Est. tempo de leitura\" \/>\n\t<meta name=\"twitter:data1\" content=\"19 minutos\" \/>\n<script type=\"application\/ld+json\" class=\"yoast-schema-graph\">{\"@context\":\"https:\\\/\\\/schema.org\",\"@graph\":[{\"@type\":\"WebPage\",\"@id\":\"https:\\\/\\\/kmtwaterjet.com\\\/pt-br\\\/politica-de-privacidade-de-processamento-de-dados-do-gdpr\\\/\",\"url\":\"https:\\\/\\\/kmtwaterjet.com\\\/pt-br\\\/politica-de-privacidade-de-processamento-de-dados-do-gdpr\\\/\",\"name\":\"Pol\u00edtica de privacidade de processamento de dados do GDPR | KMT Waterjet\",\"isPartOf\":{\"@id\":\"https:\\\/\\\/kmtwaterjet.com\\\/pt-br\\\/#website\"},\"datePublished\":\"2024-01-31T21:51:11+00:00\",\"dateModified\":\"2025-01-31T22:34:46+00:00\",\"description\":\"Saiba mais sobre a prote\u00e7\u00e3o de dados de acordo com o GDPR. Processamos seus dados com responsabilidade. Entre em contato conosco para consultas sobre privacidade. Mantenha-se informado sobre seus direitos.\",\"breadcrumb\":{\"@id\":\"https:\\\/\\\/kmtwaterjet.com\\\/pt-br\\\/politica-de-privacidade-de-processamento-de-dados-do-gdpr\\\/#breadcrumb\"},\"inLanguage\":\"pt-BR\",\"potentialAction\":[{\"@type\":\"ReadAction\",\"target\":[\"https:\\\/\\\/kmtwaterjet.com\\\/pt-br\\\/politica-de-privacidade-de-processamento-de-dados-do-gdpr\\\/\"]}]},{\"@type\":\"BreadcrumbList\",\"@id\":\"https:\\\/\\\/kmtwaterjet.com\\\/pt-br\\\/politica-de-privacidade-de-processamento-de-dados-do-gdpr\\\/#breadcrumb\",\"itemListElement\":[{\"@type\":\"ListItem\",\"position\":1,\"name\":\"Home\",\"item\":\"https:\\\/\\\/kmtwaterjet.com\\\/pt-br\\\/\"},{\"@type\":\"ListItem\",\"position\":2,\"name\":\"Pol\u00edtica de privacidade de processamento de dados do GDPR\"}]},{\"@type\":\"WebSite\",\"@id\":\"https:\\\/\\\/kmtwaterjet.com\\\/pt-br\\\/#website\",\"url\":\"https:\\\/\\\/kmtwaterjet.com\\\/pt-br\\\/\",\"name\":\"KMT Waterjet\",\"description\":\"KMT Waterjet for waterjet cutting metal, stone, glass, steel and more\",\"publisher\":{\"@id\":\"https:\\\/\\\/kmtwaterjet.com\\\/pt-br\\\/#organization\"},\"potentialAction\":[{\"@type\":\"SearchAction\",\"target\":{\"@type\":\"EntryPoint\",\"urlTemplate\":\"https:\\\/\\\/kmtwaterjet.com\\\/pt-br\\\/?s={search_term_string}\"},\"query-input\":{\"@type\":\"PropertyValueSpecification\",\"valueRequired\":true,\"valueName\":\"search_term_string\"}}],\"inLanguage\":\"pt-BR\"},{\"@type\":\"Organization\",\"@id\":\"https:\\\/\\\/kmtwaterjet.com\\\/pt-br\\\/#organization\",\"name\":\"KMT Waterjet\",\"url\":\"https:\\\/\\\/kmtwaterjet.com\\\/pt-br\\\/\",\"logo\":{\"@type\":\"ImageObject\",\"inLanguage\":\"pt-BR\",\"@id\":\"https:\\\/\\\/kmtwaterjet.com\\\/pt-br\\\/#\\\/schema\\\/logo\\\/image\\\/\",\"url\":\"https:\\\/\\\/kmtwaterjet.com\\\/wp-content\\\/uploads\\\/kmt_logo_2020.png\",\"contentUrl\":\"https:\\\/\\\/kmtwaterjet.com\\\/wp-content\\\/uploads\\\/kmt_logo_2020.png\",\"width\":1002,\"height\":605,\"caption\":\"KMT Waterjet\"},\"image\":{\"@id\":\"https:\\\/\\\/kmtwaterjet.com\\\/pt-br\\\/#\\\/schema\\\/logo\\\/image\\\/\"}}]}<\/script>\n<!-- \/ Yoast SEO plugin. -->","yoast_head_json":{"title":"Pol\u00edtica de privacidade de processamento de dados do GDPR | KMT Waterjet","description":"Saiba mais sobre a prote\u00e7\u00e3o de dados de acordo com o GDPR. Processamos seus dados com responsabilidade. Entre em contato conosco para consultas sobre privacidade. Mantenha-se informado sobre seus direitos.","robots":{"index":"index","follow":"follow","max-snippet":"max-snippet:-1","max-image-preview":"max-image-preview:large","max-video-preview":"max-video-preview:-1"},"canonical":"https:\/\/kmtwaterjet.com\/pt-br\/politica-de-privacidade-de-processamento-de-dados-do-gdpr\/","og_locale":"pt_BR","og_type":"article","og_title":"Pol\u00edtica de privacidade de processamento de dados do GDPR | KMT Waterjet","og_description":"Saiba mais sobre a prote\u00e7\u00e3o de dados de acordo com o GDPR. Processamos seus dados com responsabilidade. Entre em contato conosco para consultas sobre privacidade. Mantenha-se informado sobre seus direitos.","og_url":"https:\/\/kmtwaterjet.com\/pt-br\/politica-de-privacidade-de-processamento-de-dados-do-gdpr\/","og_site_name":"KMT Waterjet","article_modified_time":"2025-01-31T22:34:46+00:00","og_image":[{"width":1200,"height":675,"url":"https:\/\/kmtwaterjet.com\/wp-content\/uploads\/KMT-Social-Sharing.jpg","type":"image\/jpeg"}],"twitter_card":"summary_large_image","twitter_misc":{"Est. tempo de leitura":"19 minutos"},"schema":{"@context":"https:\/\/schema.org","@graph":[{"@type":"WebPage","@id":"https:\/\/kmtwaterjet.com\/pt-br\/politica-de-privacidade-de-processamento-de-dados-do-gdpr\/","url":"https:\/\/kmtwaterjet.com\/pt-br\/politica-de-privacidade-de-processamento-de-dados-do-gdpr\/","name":"Pol\u00edtica de privacidade de processamento de dados do GDPR | KMT Waterjet","isPartOf":{"@id":"https:\/\/kmtwaterjet.com\/pt-br\/#website"},"datePublished":"2024-01-31T21:51:11+00:00","dateModified":"2025-01-31T22:34:46+00:00","description":"Saiba mais sobre a prote\u00e7\u00e3o de dados de acordo com o GDPR. Processamos seus dados com responsabilidade. Entre em contato conosco para consultas sobre privacidade. Mantenha-se informado sobre seus direitos.","breadcrumb":{"@id":"https:\/\/kmtwaterjet.com\/pt-br\/politica-de-privacidade-de-processamento-de-dados-do-gdpr\/#breadcrumb"},"inLanguage":"pt-BR","potentialAction":[{"@type":"ReadAction","target":["https:\/\/kmtwaterjet.com\/pt-br\/politica-de-privacidade-de-processamento-de-dados-do-gdpr\/"]}]},{"@type":"BreadcrumbList","@id":"https:\/\/kmtwaterjet.com\/pt-br\/politica-de-privacidade-de-processamento-de-dados-do-gdpr\/#breadcrumb","itemListElement":[{"@type":"ListItem","position":1,"name":"Home","item":"https:\/\/kmtwaterjet.com\/pt-br\/"},{"@type":"ListItem","position":2,"name":"Pol\u00edtica de privacidade de processamento de dados do GDPR"}]},{"@type":"WebSite","@id":"https:\/\/kmtwaterjet.com\/pt-br\/#website","url":"https:\/\/kmtwaterjet.com\/pt-br\/","name":"KMT Waterjet","description":"KMT Waterjet for waterjet cutting metal, stone, glass, steel and more","publisher":{"@id":"https:\/\/kmtwaterjet.com\/pt-br\/#organization"},"potentialAction":[{"@type":"SearchAction","target":{"@type":"EntryPoint","urlTemplate":"https:\/\/kmtwaterjet.com\/pt-br\/?s={search_term_string}"},"query-input":{"@type":"PropertyValueSpecification","valueRequired":true,"valueName":"search_term_string"}}],"inLanguage":"pt-BR"},{"@type":"Organization","@id":"https:\/\/kmtwaterjet.com\/pt-br\/#organization","name":"KMT Waterjet","url":"https:\/\/kmtwaterjet.com\/pt-br\/","logo":{"@type":"ImageObject","inLanguage":"pt-BR","@id":"https:\/\/kmtwaterjet.com\/pt-br\/#\/schema\/logo\/image\/","url":"https:\/\/kmtwaterjet.com\/wp-content\/uploads\/kmt_logo_2020.png","contentUrl":"https:\/\/kmtwaterjet.com\/wp-content\/uploads\/kmt_logo_2020.png","width":1002,"height":605,"caption":"KMT Waterjet"},"image":{"@id":"https:\/\/kmtwaterjet.com\/pt-br\/#\/schema\/logo\/image\/"}}]}},"_links":{"self":[{"href":"https:\/\/kmtwaterjet.com\/pt-br\/wp-json\/wp\/v2\/pages\/28925","targetHints":{"allow":["GET"]}}],"collection":[{"href":"https:\/\/kmtwaterjet.com\/pt-br\/wp-json\/wp\/v2\/pages"}],"about":[{"href":"https:\/\/kmtwaterjet.com\/pt-br\/wp-json\/wp\/v2\/types\/page"}],"author":[{"embeddable":true,"href":"https:\/\/kmtwaterjet.com\/pt-br\/wp-json\/wp\/v2\/users\/17"}],"replies":[{"embeddable":true,"href":"https:\/\/kmtwaterjet.com\/pt-br\/wp-json\/wp\/v2\/comments?post=28925"}],"version-history":[{"count":0,"href":"https:\/\/kmtwaterjet.com\/pt-br\/wp-json\/wp\/v2\/pages\/28925\/revisions"}],"wp:attachment":[{"href":"https:\/\/kmtwaterjet.com\/pt-br\/wp-json\/wp\/v2\/media?parent=28925"}],"wp:term":[{"taxonomy":"page-type","embeddable":true,"href":"https:\/\/kmtwaterjet.com\/pt-br\/wp-json\/wp\/v2\/page-type?post=28925"}],"curies":[{"name":"wp","href":"https:\/\/api.w.org\/{rel}","templated":true}]}}